{"id":7,"date":"2017-02-26T00:14:09","date_gmt":"2017-02-26T00:14:09","guid":{"rendered":"http:\/\/localhost\/embutidoslaencina.com\/?page_id=7"},"modified":"2025-08-19T17:22:33","modified_gmt":"2025-08-19T15:22:33","slug":"aviso-legal","status":"publish","type":"page","link":"https:\/\/embutidoslaencina.com\/en\/aviso-legal\/","title":{"rendered":"Legal notice"},"content":{"rendered":"<article class=\"legal-content\">\n<h2>AVISO LEGAL<\/h2>\n<h3>OBJETO<\/h3>\n<p>Este sitio ha sido creado para dar a conocer y permitir el acceso al p\u00fablico a la informaci\u00f3n relativa a los servicios ofertados por embutidoslaencina.com<\/p>\n<h3>CONTENIDO<\/h3>\n<p>Este sitio web ofrece informaci\u00f3n acerca de los servicios comercializados por embutidoslaencina.com estando estos, en todo caso, sujetos a los t\u00e9rminos y condiciones expresamente detallados en cada momento y accesibles desde esta p\u00e1gina Web, as\u00ed como, los servicios concretos, que tambi\u00e9n se sujetar\u00e1n a las distintas Condiciones Generales de uso de cada uno de los servicios prestados por embutidoslaencina.com<\/p>\n<h3>ACCESO Y USO<\/h3>\n<p>El acceso a este sitio web, y el uso que se haga de la informaci\u00f3n y contenidos incluidos en la misma, ser\u00e1 de la exclusiva responsabilidad de quien lo realice.<br \/>Las condiciones de acceso a esta Web estar\u00e1n supeditadas a la legalidad vigente y los principios de la buena fe y uso l\u00edcito por parte del usuario de la misma, quedando prohibido con car\u00e1cter general cualquier tipo de actuaci\u00f3n en perjuicio de embutidoslaencina.com o de terceros.<br \/>Se considera prohibido el uso de la presente p\u00e1gina Web con fines ilegales o no autorizados, y en particular no se limita a:<\/p>\n<ul>\n<li>Cualquier forma de violaci\u00f3n de los derechos de terceros (derecho a la intimidad, a la propia imagen, al secreto en las comunicaciones, a la propiedad intelectual e industrial, de protecci\u00f3n de datos,etc.)<\/li>\n<li>Incluir o introducir cualquier tipo de virus inform\u00e1tico, archivos defectuosos, o cualquier otro software o programa inform\u00e1tico que pueda provocar da\u00f1os o alteraciones no autorizadas de los contenidos o sistemas de cualquier clase accesibles a trav\u00e9s de dicha p\u00e1gina Web.<\/li>\n<li>El uso incorrecto o impropio respecto al normal funcionamiento y finalidad de todos aquellos servicios que en su caso puedan incluirse en la p\u00e1gina Web de embutidoslaencina.com<\/li>\n<\/ul>\n<h3>RESPONSABILIDAD<\/h3>\n<p>El sitio web embutidoslaencina.com no se hace responsable bajo ning\u00fan concepto por ning\u00fan tipo de da\u00f1o que pudiesen ocasionar los usuarios a la presente p\u00e1gina Web, o a cualquier otra, por el uso ilegal o indebido de la misma o de los contenidos e informaciones accesibles o facilitadas a trav\u00e9s de ella.<\/p>\n<h3>SERVICIO<\/h3>\n<p>embutidoslaencina.com se reserva el derecho de suspender el acceso a su p\u00e1gina Web, sin previo aviso, de forma discrecional y temporal, por razones t\u00e9cnicas o de cualquier otra \u00edndole, pudiendo asimismo modificar unilateralmente tanto las condiciones de acceso como la totalidad o parte de los contenidos en ella incluidos. embutidoslaencina.com no se responsabiliza de la integridad y veracidad del contenido de los enlaces a las web a las que pueda accederse desde su p\u00e1gina, ni de contenidos que no hayan sido supervisados por la web embutidoslaencina.com<\/p>\n<h3>PROPIEDAD INTELECTUAL<\/h3>\n<p>El sitio web y los contenidos que en \u00e9l se albergan est\u00e1n protegidos por la legislaci\u00f3n vigente en materia de propiedad intelectual. Se proh\u00edbe expresamente la copia, modificaci\u00f3n, reproducci\u00f3n, descarga, transmisi\u00f3n, distribuci\u00f3n o generaci\u00f3n de obras derivadas de los contenidos de la p\u00e1gina, sin la previa autorizaci\u00f3n del titular de los correspondientes derechos, o se encuentre legalmente permitido. El acceso al site no presupone la adquisici\u00f3n por parte de los usuarios de derecho de propiedad sobre los contenidos que figuran en el mismo.<\/p>\n<h3>RESERVA DE DERECHOS<\/h3>\n<p>embutidoslaencina.com podr\u00e1, cuando lo considere conveniente, realizar correcciones, mejoras o modificaciones en la estructura, dise\u00f1o web as\u00ed como cualquier informaci\u00f3n contenida en la p\u00e1gina, modificar o eliminar productos, las condiciones de acceso o incluso de uso de la web de forma unilateral y sin previo aviso sin que ello de lugar, ni derecho a ninguna reclamaci\u00f3n o indemnizaci\u00f3n, ni implique reconocimiento de responsabilidad alguna. embutidoslaencina.com se reserva el derecho para interrumpir, suspender o terminar la prestaci\u00f3n del servicio del sitio web o de cualquiera de los servicios que lo integran.<\/p>\n<h3>EXCLUSI\u00d3N DE GARANT\u00cdAS Y RESPONSABILIDAD<\/h3>\n<p>embutidoslaencina.com no otorga ninguna garant\u00eda ni se hace responsable por los da\u00f1os y perjuicios de cualquier naturaleza que se pudiera derivar de:<\/p>\n<ul>\n<li>La falta de disponibilidad y continuidad t\u00e9cnica o del funcionamiento de la p\u00e1gina.<\/li>\n<li>De la existencia de virus, programas maliciosos o lesivos en los contenidos, de la falta de utilidad, adecuaci\u00f3n o validez de la web, servicios, contenidos con el objeto de responder a las necesidades, actividades o expectativas de los usuarios.<\/li>\n<li>Del uso negligente o il\u00edcito de la web en general que no respeten las normas definidas en el presente aviso legal, a la buena fe, orden p\u00fablico.<\/li>\n<li>Errores: Con respecto a la existencia de errores o imprecisiones en el Sitio Web embutidoslaencina.com no responder\u00e1 por las consecuencias derivada de los mismos. Ser\u00e1n subsanados por embutidoslaencina.com a la mayor brevedad posible y tan pronto como tenga conocimiento de ello.<\/li>\n<\/ul>\n<h3>POL\u00cdTICAS DE ENLACES<\/h3>\n<p>La Web puede incluir \u201clinks\u201d o enlaces de texto o gr\u00e1ficos hacia otras p\u00e1ginas web y contenidos ubicados fuera de embutidoslaencina.com Los mismos son propiedad de terceros.<\/p>\n<h3>REDES SOCIALES<\/h3>\n<p>El sitio web embutidoslaencina.com pondr\u00e1 a disposici\u00f3n de los usuarios enlaces y servicios que faciliten el acceso a los canales y p\u00e1ginas que el titular mantiene en diferentes plataformas y redes sociales pertenecientes y\/o gestionadas por terceros (ej. Facebook, Twitter, etc.).<\/p>\n<p>La inclusi\u00f3n de estos enlaces en el sitio web tiene por \u00fanico objeto facilitar a los usuarios el acceso a dichos canales en las diferentes plataformas y redes sociales.<\/p>\n<p>El establecimiento de estas aplicaciones no implica la existencia de relaci\u00f3n alguna entre embutidoslaencina.com y el titular, fabricante o distribuidor de la plataforma enlazada, como tampoco la aceptaci\u00f3n y aprobaci\u00f3n por parte de embutidoslaencina.com de sus contenidos y\/o servicios, siendo su titular, fabricante o distribuidor el \u00fanico responsable de los mismos.<\/p>\n<p>En ning\u00fan caso embutidoslaencina.com comparte con Facebook, Twitter o cualquier otra red social que se incorpore en el futuro ning\u00fan tipo de informaci\u00f3n privada sobre sus usuarios, siendo su \u00fanica finalidad la establecida en el presente aviso legal, as\u00ed como en la pol\u00edtica de privacidad del sitio web. En este sentido, toda la informaci\u00f3n que el propio usuario desee proporcionar a estas plataformas ser\u00e1 bajo su propia responsabilidad, no interviniendo embutidoslaencina.com en dicho proceso.<\/p>\n<h3>GENERALS<\/h3>\n<p>Para cualquier cuesti\u00f3n litigiosa o que incumba a la P\u00e1gina Web de embutidoslaencina.com ser\u00e1 de aplicaci\u00f3n la legislaci\u00f3n espa\u00f1ola, siendo competentes para la resoluci\u00f3n de todos los conflictos derivados o relacionados con el uso de esta p\u00e1gina web, los Juzgados y Tribunales de Espa\u00f1a. El acceso a la p\u00e1gina Web de embutidoslaencina.com implica la aceptaci\u00f3n de todas las condiciones anteriormente expresadas.<\/p>\n<h3>CONDICIONES DE VENTA<\/h3>\n<p>Las condiciones de venta que rigen en embutidoslaencina.com est\u00e1n disponibles en la p\u00e1gina <a href=\"\/en\/condiciones-de-venta\/\">Conditions of sale<\/a>.<\/p>\n<\/article>","protected":false},"excerpt":{"rendered":"<p>AVISO LEGAL OBJETO Este sitio ha sido creado para dar a conocer y permitir el acceso al p\u00fablico a la informaci\u00f3n relativa a los servicios ofertados<span class=\"excerpt-hellip\"> [\u2026]<\/span><\/p>","protected":false},"author":1,"featured_media":0,"parent":0,"menu_order":0,"comment_status":"closed","ping_status":"closed","template":"","meta":{"_monsterinsights_skip_tracking":false,"_monsterinsights_sitenote_active":false,"_monsterinsights_sitenote_note":"","_monsterinsights_sitenote_category":0,"footnotes":""},"class_list":["post-7","page","type-page","status-publish","hentry"],"yoast_head":"<!-- This site is optimized with the Yoast SEO plugin v27.4 - https:\/\/yoast.com\/product\/yoast-seo-wordpress\/ -->\n<title>Aviso legal - Embutidos La Encina<\/title>\n<meta name=\"robots\" content=\"index, follow, max-snippet:-1, max-image-preview:large, max-video-preview:-1\" \/>\n<link rel=\"canonical\" href=\"https:\/\/embutidoslaencina.com\/en\/aviso-legal\/\" \/>\n<meta property=\"og:locale\" content=\"en_US\" \/>\n<meta property=\"og:type\" content=\"article\" \/>\n<meta property=\"og:title\" content=\"Aviso legal - Embutidos La Encina\" \/>\n<meta property=\"og:description\" content=\"AVISO LEGAL OBJETO Este sitio ha sido creado para dar a conocer y permitir el acceso al p\u00fablico a la informaci\u00f3n relativa a los servicios ofertados [\u2026]\" \/>\n<meta property=\"og:url\" content=\"https:\/\/embutidoslaencina.com\/en\/aviso-legal\/\" \/>\n<meta property=\"og:site_name\" content=\"Embutidos La Encina\" \/>\n<meta property=\"article:modified_time\" content=\"2025-08-19T15:22:33+00:00\" \/>\n<meta property=\"og:image\" content=\"https:\/\/embutidoslaencina.com\/wp-content\/uploads\/2025\/11\/embutidos-la-encina.png\" \/>\n\t<meta property=\"og:image:width\" content=\"1200\" \/>\n\t<meta property=\"og:image:height\" content=\"675\" \/>\n\t<meta property=\"og:image:type\" content=\"image\/png\" \/>\n<meta name=\"twitter:card\" content=\"summary_large_image\" \/>\n<meta name=\"twitter:label1\" content=\"Est. reading time\" \/>\n\t<meta name=\"twitter:data1\" content=\"5 minutes\" \/>\n<script type=\"application\/ld+json\" class=\"yoast-schema-graph\">{\"@context\":\"https:\\\/\\\/schema.org\",\"@graph\":[{\"@type\":\"WebPage\",\"@id\":\"https:\\\/\\\/embutidoslaencina.com\\\/aviso-legal\\\/\",\"url\":\"https:\\\/\\\/embutidoslaencina.com\\\/aviso-legal\\\/\",\"name\":\"Aviso legal - Embutidos La Encina\",\"isPartOf\":{\"@id\":\"https:\\\/\\\/embutidoslaencina.com\\\/#website\"},\"datePublished\":\"2017-02-26T00:14:09+00:00\",\"dateModified\":\"2025-08-19T15:22:33+00:00\",\"breadcrumb\":{\"@id\":\"https:\\\/\\\/embutidoslaencina.com\\\/aviso-legal\\\/#breadcrumb\"},\"inLanguage\":\"en-US\",\"potentialAction\":[{\"@type\":\"ReadAction\",\"target\":[\"https:\\\/\\\/embutidoslaencina.com\\\/aviso-legal\\\/\"]}]},{\"@type\":\"BreadcrumbList\",\"@id\":\"https:\\\/\\\/embutidoslaencina.com\\\/aviso-legal\\\/#breadcrumb\",\"itemListElement\":[{\"@type\":\"ListItem\",\"position\":1,\"name\":\"Portada\",\"item\":\"https:\\\/\\\/embutidoslaencina.com\\\/\"},{\"@type\":\"ListItem\",\"position\":2,\"name\":\"Aviso legal\"}]},{\"@type\":\"WebSite\",\"@id\":\"https:\\\/\\\/embutidoslaencina.com\\\/#website\",\"url\":\"https:\\\/\\\/embutidoslaencina.com\\\/\",\"name\":\"Embutidos La Encina\",\"description\":\"Bienvenido a Embutidos La Encina, donde tradici\u00f3n y sabor se unen en el coraz\u00f3n de Los Ancares leoneses, una regi\u00f3n declarada Reserva de la Biosfera. Descubre nuestros embutidos artesanales elaborados en un entorno natural \u00fanico.\",\"publisher\":{\"@id\":\"https:\\\/\\\/embutidoslaencina.com\\\/#organization\"},\"potentialAction\":[{\"@type\":\"SearchAction\",\"target\":{\"@type\":\"EntryPoint\",\"urlTemplate\":\"https:\\\/\\\/embutidoslaencina.com\\\/?s={search_term_string}\"},\"query-input\":{\"@type\":\"PropertyValueSpecification\",\"valueRequired\":true,\"valueName\":\"search_term_string\"}}],\"inLanguage\":\"en-US\"},{\"@type\":\"Organization\",\"@id\":\"https:\\\/\\\/embutidoslaencina.com\\\/#organization\",\"name\":\"Embutidos La Encina\",\"url\":\"https:\\\/\\\/embutidoslaencina.com\\\/\",\"logo\":{\"@type\":\"ImageObject\",\"inLanguage\":\"en-US\",\"@id\":\"https:\\\/\\\/embutidoslaencina.com\\\/#\\\/schema\\\/logo\\\/image\\\/\",\"url\":\"https:\\\/\\\/embutidoslaencina.com\\\/wp-content\\\/uploads\\\/2025\\\/11\\\/logo-embutidos-la-encina-og.png\",\"contentUrl\":\"https:\\\/\\\/embutidoslaencina.com\\\/wp-content\\\/uploads\\\/2025\\\/11\\\/logo-embutidos-la-encina-og.png\",\"width\":207,\"height\":202,\"caption\":\"Embutidos La Encina\"},\"image\":{\"@id\":\"https:\\\/\\\/embutidoslaencina.com\\\/#\\\/schema\\\/logo\\\/image\\\/\"},\"sameAs\":[\"https:\\\/\\\/www.instagram.com\\\/embutidoslaencina\"]}]}<\/script>\n<!-- \/ Yoast SEO plugin. -->","yoast_head_json":{"title":"Aviso legal - Embutidos La Encina","robots":{"index":"index","follow":"follow","max-snippet":"max-snippet:-1","max-image-preview":"max-image-preview:large","max-video-preview":"max-video-preview:-1"},"canonical":"https:\/\/embutidoslaencina.com\/en\/aviso-legal\/","og_locale":"en_US","og_type":"article","og_title":"Aviso legal - Embutidos La Encina","og_description":"AVISO LEGAL OBJETO Este sitio ha sido creado para dar a conocer y permitir el acceso al p\u00fablico a la informaci\u00f3n relativa a los servicios ofertados [\u2026]","og_url":"https:\/\/embutidoslaencina.com\/en\/aviso-legal\/","og_site_name":"Embutidos La Encina","article_modified_time":"2025-08-19T15:22:33+00:00","og_image":[{"width":1200,"height":675,"url":"https:\/\/embutidoslaencina.com\/wp-content\/uploads\/2025\/11\/embutidos-la-encina.png","type":"image\/png"}],"twitter_card":"summary_large_image","twitter_misc":{"Est. reading time":"5 minutes"},"schema":{"@context":"https:\/\/schema.org","@graph":[{"@type":"WebPage","@id":"https:\/\/embutidoslaencina.com\/aviso-legal\/","url":"https:\/\/embutidoslaencina.com\/aviso-legal\/","name":"Aviso legal - Embutidos La Encina","isPartOf":{"@id":"https:\/\/embutidoslaencina.com\/#website"},"datePublished":"2017-02-26T00:14:09+00:00","dateModified":"2025-08-19T15:22:33+00:00","breadcrumb":{"@id":"https:\/\/embutidoslaencina.com\/aviso-legal\/#breadcrumb"},"inLanguage":"en-US","potentialAction":[{"@type":"ReadAction","target":["https:\/\/embutidoslaencina.com\/aviso-legal\/"]}]},{"@type":"BreadcrumbList","@id":"https:\/\/embutidoslaencina.com\/aviso-legal\/#breadcrumb","itemListElement":[{"@type":"ListItem","position":1,"name":"Portada","item":"https:\/\/embutidoslaencina.com\/"},{"@type":"ListItem","position":2,"name":"Aviso legal"}]},{"@type":"WebSite","@id":"https:\/\/embutidoslaencina.com\/#website","url":"https:\/\/embutidoslaencina.com\/","name":"Embutidos La Encina","description":"Bienvenido a Embutidos La Encina, donde tradici\u00f3n y sabor se unen en el coraz\u00f3n de Los Ancares leoneses, una regi\u00f3n declarada Reserva de la Biosfera. Descubre nuestros embutidos artesanales elaborados en un entorno natural \u00fanico.","publisher":{"@id":"https:\/\/embutidoslaencina.com\/#organization"},"potentialAction":[{"@type":"SearchAction","target":{"@type":"EntryPoint","urlTemplate":"https:\/\/embutidoslaencina.com\/?s={search_term_string}"},"query-input":{"@type":"PropertyValueSpecification","valueRequired":true,"valueName":"search_term_string"}}],"inLanguage":"en-US"},{"@type":"Organization","@id":"https:\/\/embutidoslaencina.com\/#organization","name":"Embutidos La Encina","url":"https:\/\/embutidoslaencina.com\/","logo":{"@type":"ImageObject","inLanguage":"en-US","@id":"https:\/\/embutidoslaencina.com\/#\/schema\/logo\/image\/","url":"https:\/\/embutidoslaencina.com\/wp-content\/uploads\/2025\/11\/logo-embutidos-la-encina-og.png","contentUrl":"https:\/\/embutidoslaencina.com\/wp-content\/uploads\/2025\/11\/logo-embutidos-la-encina-og.png","width":207,"height":202,"caption":"Embutidos La Encina"},"image":{"@id":"https:\/\/embutidoslaencina.com\/#\/schema\/logo\/image\/"},"sameAs":["https:\/\/www.instagram.com\/embutidoslaencina"]}]}},"_links":{"self":[{"href":"https:\/\/embutidoslaencina.com\/en\/wp-json\/wp\/v2\/pages\/7","targetHints":{"allow":["GET"]}}],"collection":[{"href":"https:\/\/embutidoslaencina.com\/en\/wp-json\/wp\/v2\/pages"}],"about":[{"href":"https:\/\/embutidoslaencina.com\/en\/wp-json\/wp\/v2\/types\/page"}],"author":[{"embeddable":true,"href":"https:\/\/embutidoslaencina.com\/en\/wp-json\/wp\/v2\/users\/1"}],"replies":[{"embeddable":true,"href":"https:\/\/embutidoslaencina.com\/en\/wp-json\/wp\/v2\/comments?post=7"}],"version-history":[{"count":7,"href":"https:\/\/embutidoslaencina.com\/en\/wp-json\/wp\/v2\/pages\/7\/revisions"}],"predecessor-version":[{"id":2037,"href":"https:\/\/embutidoslaencina.com\/en\/wp-json\/wp\/v2\/pages\/7\/revisions\/2037"}],"wp:attachment":[{"href":"https:\/\/embutidoslaencina.com\/en\/wp-json\/wp\/v2\/media?parent=7"}],"curies":[{"name":"wp","href":"https:\/\/api.w.org\/{rel}","templated":true}]}}